{"id":3751,"date":"2026-04-27T09:34:28","date_gmt":"2026-04-27T07:34:28","guid":{"rendered":"https:\/\/mumagallery.com\/?page_id=3751"},"modified":"2026-04-29T12:44:27","modified_gmt":"2026-04-29T10:44:27","slug":"kunstsommer-26","status":"publish","type":"page","link":"https:\/\/mumagallery.com\/en\/ausstellungen\/kunstsommer-26\/","title":{"rendered":"Kunstsommer 26"},"content":{"rendered":"<div style=\"height:63px\" aria-hidden=\"true\" class=\"wp-block-spacer\"><\/div>\n\n\n\n<div class=\"wp-block-media-text alignwide is-stacked-on-mobile is-vertically-aligned-top\" style=\"grid-template-columns:39% auto\"><figure class=\"wp-block-media-text__media\"><img decoding=\"async\" width=\"727\" height=\"1024\" data-src=\"https:\/\/mumagallery.com\/wp-content\/uploads\/2026\/04\/FlyerWeb-727x1024.jpg\" alt=\"MUMA Gallery Kunstsommer 2026 Ausstellung Hamburg\" class=\"wp-image-3752 size-full lazyload\" data-srcset=\"https:\/\/mumagallery.com\/wp-content\/uploads\/2026\/04\/FlyerWeb-727x1024.jpg 727w, https:\/\/mumagallery.com\/wp-content\/uploads\/2026\/04\/FlyerWeb-213x300.jpg 213w, https:\/\/mumagallery.com\/wp-content\/uploads\/2026\/04\/FlyerWeb-768x1082.jpg 768w, https:\/\/mumagallery.com\/wp-content\/uploads\/2026\/04\/FlyerWeb-100x141.jpg 100w, https:\/\/mumagallery.com\/wp-content\/uploads\/2026\/04\/FlyerWeb-9x12.jpg 9w, https:\/\/mumagallery.com\/wp-content\/uploads\/2026\/04\/FlyerWeb-700x986.jpg 700w, https:\/\/mumagallery.com\/wp-content\/uploads\/2026\/04\/FlyerWeb-520x732.jpg 520w, https:\/\/mumagallery.com\/wp-content\/uploads\/2026\/04\/FlyerWeb-360x507.jpg 360w, https:\/\/mumagallery.com\/wp-content\/uploads\/2026\/04\/FlyerWeb-250x352.jpg 250w, https:\/\/mumagallery.com\/wp-content\/uploads\/2026\/04\/FlyerWeb-600x845.jpg 600w, https:\/\/mumagallery.com\/wp-content\/uploads\/2026\/04\/FlyerWeb.jpg 994w\" data-sizes=\"(max-width: 727px) 100vw, 727px\" src=\"data:image\/svg+xml;base64,PHN2ZyB3aWR0aD0iMSIgaGVpZ2h0PSIxIiB4bWxucz0iaHR0cDovL3d3dy53My5vcmcvMjAwMC9zdmciPjwvc3ZnPg==\" style=\"--smush-placeholder-width: 727px; --smush-placeholder-aspect-ratio: 727\/1024;\" \/><\/figure><div class=\"wp-block-media-text__content\">\n<h2 class=\"wp-block-heading has-text-align-right\">18.06.2026 bis 11.08.2026<\/h2>\n\n\n\n<p class=\"has-text-align-right\"><strong>Artfestival <\/strong><\/p>\n\n\n\n<p class=\"has-text-align-right\">mit 7 K\u00fcnstlerinnen und einem K\u00fcnstler<\/p>\n\n\n<style>.wp-block-kadence-spacer.kt-block-spacer-3751_1aa7c0-1a .kt-block-spacer{height:60px;}.wp-block-kadence-spacer.kt-block-spacer-3751_1aa7c0-1a .kt-divider{border-top-width:1px;height:1px;border-top-color:#eeeeee;width:100%;border-top-style:solid;}<\/style>\n<div class=\"wp-block-kadence-spacer aligncenter kt-block-spacer-3751_1aa7c0-1a\"><div class=\"kt-block-spacer kt-block-spacer-halign-center\"><hr class=\"kt-divider\"\/><\/div><\/div>\n\n\n\n<p class=\"has-text-align-justify\"><strong>Herzliche Einladung zum MUMA Kunstsommer 2026<\/strong><\/p>\n\n\n\n<p class=\"has-text-align-justify\">Vom 18. Juni bis zum 11. August verwandelt sich unsere Galerie jeden Donnerstagabend ab 19 Uhr in einen lebendigen Ort f\u00fcr Kunst, Begegnung und Austausch.<\/p>\n\n\n\n<p class=\"has-text-align-justify\">You can expect changing exhibitions of exciting artists, inspiring talks and summer evenings with cool drinks at our bar - we look forward to seeing you!<\/p>\n\n\n\n<p class=\"has-text-align-justify\"><\/p>\n<\/div><\/div>\n\n\n\n<div style=\"height:60px\" aria-hidden=\"true\" class=\"wp-block-spacer\"><\/div>\n\n\n\n<p class=\"has-text-align-center has-text-color\" style=\"color:#ae97a8\"><em>\u201e<em>Es gibt Maler, die die Sonne in einen gelben Fleck verwandeln. Es gibt aber andere, die dank ihrer Kunst und Intelligenz einen gelben Fleck in die Sonne verwandeln k\u00f6nnen.<\/em>\u201c<\/em> &#8211; Pablo Picasso<\/p>\n\n\n\n<div style=\"height:40px\" aria-hidden=\"true\" class=\"wp-block-spacer\"><\/div>\n\n\n<style>.wp-block-kadence-spacer.kt-block-spacer-3751_c452bc-8e .kt-block-spacer{height:60px;}.wp-block-kadence-spacer.kt-block-spacer-3751_c452bc-8e .kt-divider{border-top-width:1px;height:1px;border-top-color:#eee;width:100%;border-top-style:solid;}<\/style>\n<div class=\"wp-block-kadence-spacer aligncenter kt-block-spacer-3751_c452bc-8e\"><div class=\"kt-block-spacer kt-block-spacer-halign-center\"><hr class=\"kt-divider\"\/><\/div><\/div>\n\n\n\n<div class=\"wp-block-media-text alignwide has-media-on-the-right is-stacked-on-mobile\" style=\"grid-template-columns:auto 30%\"><div class=\"wp-block-media-text__content\">\n<h4 class=\"wp-block-heading\"><strong>Katha Bineider &#8211; <\/strong><em><strong>&#8222;Siren Underwater&#8220;<\/strong><\/em><\/h4>\n\n\n\n<p class=\"has-text-align-justify\"><strong>18.06. &#8211; 23.06. <\/strong>&#8211; Vernissage am 18.06. um 19 Uhr<\/p>\n\n\n\n<div style=\"height:20px\" aria-hidden=\"true\" class=\"wp-block-spacer\"><\/div>\n\n\n\n<p class=\"has-text-align-justify\">Katha lebt und arbeitet in Hamburg und widmet sich der feinen Pastellmalerei. Ihre Werke verbinden <strong>detailreiche Pr\u00e4zision<\/strong> mit einer <strong>tr\u00e4umerisch-mystischen Atmosph\u00e4re<\/strong>. In leuchtenden Farbwelten und subtilen Lichtstimmungen entstehen figurative Szenen, die zwischen Hyperrealismus und m\u00e4rchenhafter Tiefe oszillieren. International ausgezeichnet, pr\u00e4sentierte sie ihre Arbeiten bereits in mehreren europ\u00e4ischen L\u00e4ndern.<\/p>\n\n\n\n<p class=\"has-text-align-justify\">Im Zentrum ihres k\u00fcnstlerischen Schaffens stehen Sagen&nbsp;als Sinnbild&nbsp;einer&nbsp;zeitlosen&nbsp;Bildsprache. In ihrer Auseinandersetzung mit der Undine erz\u00e4hlt Katha Bineider von Wandlung, innerer Erkenntnis und der Verbindung zweier Welten. Das Fremde bleibt dabei bewusst angedeutet \u2013 im Fokus stehen N\u00e4he und Identifikation. In der Reihe <em>\u201eSiren\u201c<\/em>&nbsp;erscheinen ihre Figuren in schimmernden Muschel- und Perlenformen, Sinnbilder f\u00fcr Transformation und inneres Wachstum. <\/p>\n\n\n\n<p class=\"has-text-align-justify\">The exhibition <em>\u201eSiren Underwater\u201c<\/em>&nbsp;verdeutlicht&nbsp;den stillen Moment des \u00dcbergangs: In tiefen, dunklen Farbr\u00e4umen leuchten die Figuren wie aus sich selbst heraus.<\/p>\n\n\n\n<div style=\"height:20px\" aria-hidden=\"true\" class=\"wp-block-spacer\"><\/div>\n\n\n\n<p><strong>Opening Hours: <\/strong>tba<\/p>\n<\/div><figure class=\"wp-block-media-text__media\"><img decoding=\"async\" width=\"391\" height=\"1024\" data-src=\"https:\/\/mumagallery.com\/wp-content\/uploads\/2026\/04\/BildWeb-391x1024.jpg\" alt=\"Katha Bineider MUMA Gallery Ausstellung\" class=\"wp-image-3758 size-full lazyload\" data-srcset=\"https:\/\/mumagallery.com\/wp-content\/uploads\/2026\/04\/BildWeb-391x1024.jpg 391w, https:\/\/mumagallery.com\/wp-content\/uploads\/2026\/04\/BildWeb-114x300.jpg 114w, https:\/\/mumagallery.com\/wp-content\/uploads\/2026\/04\/BildWeb-100x262.jpg 100w, https:\/\/mumagallery.com\/wp-content\/uploads\/2026\/04\/BildWeb-5x12.jpg 5w, https:\/\/mumagallery.com\/wp-content\/uploads\/2026\/04\/BildWeb-360x944.jpg 360w, https:\/\/mumagallery.com\/wp-content\/uploads\/2026\/04\/BildWeb-250x656.jpg 250w, https:\/\/mumagallery.com\/wp-content\/uploads\/2026\/04\/BildWeb.jpg 500w\" data-sizes=\"(max-width: 391px) 100vw, 391px\" src=\"data:image\/svg+xml;base64,PHN2ZyB3aWR0aD0iMSIgaGVpZ2h0PSIxIiB4bWxucz0iaHR0cDovL3d3dy53My5vcmcvMjAwMC9zdmciPjwvc3ZnPg==\" style=\"--smush-placeholder-width: 391px; --smush-placeholder-aspect-ratio: 391\/1024;\" \/><\/figure><\/div>\n\n\n\n<div style=\"height:20px\" aria-hidden=\"true\" class=\"wp-block-spacer\"><\/div>\n\n\n<style>.wp-block-kadence-spacer.kt-block-spacer-3751_e205cf-f6 .kt-block-spacer{height:60px;}.wp-block-kadence-spacer.kt-block-spacer-3751_e205cf-f6 .kt-divider{border-top-width:1px;height:1px;border-top-color:#eee;width:100%;border-top-style:solid;}<\/style>\n<div class=\"wp-block-kadence-spacer aligncenter kt-block-spacer-3751_e205cf-f6\"><div class=\"kt-block-spacer kt-block-spacer-halign-center\"><hr class=\"kt-divider\"\/><\/div><\/div>\n\n\n\n<div class=\"wp-block-media-text alignwide has-media-on-the-right is-stacked-on-mobile is-vertically-aligned-center\" style=\"grid-template-columns:auto 30%\"><div class=\"wp-block-media-text__content\">\n<h4 class=\"wp-block-heading\"><strong>Jennifer Mottschall<\/strong> &#8211; <strong><em>&#8222;Zwischen Moment und Ewigkeit&#8220;<\/em><\/strong><\/h4>\n\n\n\n<p class=\"has-text-align-justify\"><strong>25.06. &#8211; 30.06. <\/strong>&#8211; Vernissage am 25.06. ab 19:00 Uhr<\/p>\n\n\n\n<div style=\"height:20px\" aria-hidden=\"true\" class=\"wp-block-spacer\"><\/div>\n\n\n\n<p class=\"has-text-align-justify\">\u201eJenni z\u00e4hlt zu den beeindruckendsten Autodidaktinnen, denen ich auf meinem bisherigen Weg als K\u00fcnstler und Galerist begegnet bin. Ihre Arbeit ist von einer <strong>unmittelbaren<\/strong>, <strong>instinktiven<\/strong> and <strong>wilden Energie<\/strong> gepr\u00e4gt \u2013 ein Ausdruck purer Malerei, getragen von einem unb\u00e4ndigen, freien Pinselstrich und einer ebenso mutigen wie eigenwilligen Motivwahl.&nbsp;<br><br>Sie folgt keinem festen Konzept, sondern dem Moment: Jenni malt, was sie bewegt, was sich in ihr formt und nach Ausdruck sucht. Gerade diese radikale Offenheit verleiht ihren Werken eine bemerkenswerte Freiheit und Authentizit\u00e4t. Wo andere ihrem eigenen Stil hinterherjagen und so das immer Gleiche wiederholen, ist bei Jenni jedes Bild einzigartig.&nbsp;<\/p>\n\n\n\n<p class=\"has-text-align-justify\">Was ihre Arbeiten dennoch verbindet, ist ein au\u00dfergew\u00f6hnlich feines Gesp\u00fcr f\u00fcr Balance \u2013 zwischen Kontrolle und Loslassen, f\u00fcr Farbe, Komposition und Dynamik. Jenni beherrscht dieses Spannungsfeld mit einer bemerkenswerten Selbstverst\u00e4ndlichkeit.&nbsp;<\/p>\n\n\n\n<p class=\"has-text-align-justify\">Kunst muss nicht immer erkl\u00e4rt werden. Sie darf ber\u00fchren, faszinieren und einfach gefallen. In meinen Augen verk\u00f6rpert Jennis Werk genau diese Haltung. Dass sie damit erfolgreich ist, hat sie bereits auf ihrer letzten Einzelausstellung bei uns bewiesen.\u201c <em>&#8211; konstantin bax <\/em>&#8211;<\/p>\n\n\n\n<div style=\"height:20px\" aria-hidden=\"true\" class=\"wp-block-spacer\"><\/div>\n\n\n\n<p><strong>Opening Hours: <\/strong>tba<\/p>\n<\/div><figure class=\"wp-block-media-text__media\"><img decoding=\"async\" width=\"487\" height=\"1024\" data-src=\"https:\/\/mumagallery.com\/wp-content\/uploads\/2026\/04\/BilderWeb77-487x1024.jpg\" alt=\"\" class=\"wp-image-3779 size-full lazyload\" data-srcset=\"https:\/\/mumagallery.com\/wp-content\/uploads\/2026\/04\/BilderWeb77-487x1024.jpg 487w, https:\/\/mumagallery.com\/wp-content\/uploads\/2026\/04\/BilderWeb77-143x300.jpg 143w, https:\/\/mumagallery.com\/wp-content\/uploads\/2026\/04\/BilderWeb77-100x210.jpg 100w, https:\/\/mumagallery.com\/wp-content\/uploads\/2026\/04\/BilderWeb77-6x12.jpg 6w, https:\/\/mumagallery.com\/wp-content\/uploads\/2026\/04\/BilderWeb77-360x757.jpg 360w, https:\/\/mumagallery.com\/wp-content\/uploads\/2026\/04\/BilderWeb77-250x526.jpg 250w, https:\/\/mumagallery.com\/wp-content\/uploads\/2026\/04\/BilderWeb77.jpg 500w\" data-sizes=\"(max-width: 487px) 100vw, 487px\" src=\"data:image\/svg+xml;base64,PHN2ZyB3aWR0aD0iMSIgaGVpZ2h0PSIxIiB4bWxucz0iaHR0cDovL3d3dy53My5vcmcvMjAwMC9zdmciPjwvc3ZnPg==\" style=\"--smush-placeholder-width: 487px; --smush-placeholder-aspect-ratio: 487\/1024;\" \/><\/figure><\/div>\n\n\n\n<div style=\"height:20px\" aria-hidden=\"true\" class=\"wp-block-spacer\"><\/div>\n\n\n<style>.wp-block-kadence-spacer.kt-block-spacer-3751_4283aa-7d .kt-block-spacer{height:60px;}.wp-block-kadence-spacer.kt-block-spacer-3751_4283aa-7d .kt-divider{border-top-width:1px;height:1px;border-top-color:#eee;width:100%;border-top-style:solid;}<\/style>\n<div class=\"wp-block-kadence-spacer aligncenter kt-block-spacer-3751_4283aa-7d\"><div class=\"kt-block-spacer kt-block-spacer-halign-center\"><hr class=\"kt-divider\"\/><\/div><\/div>\n\n\n\n<div class=\"wp-block-media-text alignwide has-media-on-the-right is-stacked-on-mobile\" style=\"grid-template-columns:auto 30%\"><div class=\"wp-block-media-text__content\">\n<h4 class=\"wp-block-heading\"><strong>Alex Wiechmann &#8211; <em>&#8222;Im Rausch der Farbe&#8220;<\/em><\/strong><\/h4>\n\n\n\n<p class=\"has-text-align-justify\"><strong>02.07. &#8211; 07.07. <\/strong>&#8211; Vernissage am 02.07. ab 19:00 Uhr<\/p>\n\n\n\n<div style=\"height:20px\" aria-hidden=\"true\" class=\"wp-block-spacer\"><\/div>\n\n\n\n<p class=\"has-text-align-justify\">Alexandra lebt und arbeitet in Hamburg. Nach \u00fcber 25 Jahren beruflicher T\u00e4tigkeit in Architektur und Bauingenieurwesen widmet sie sich heute der freien Malerei.<\/p>\n\n\n\n<p class=\"has-text-align-justify\">Ihre Arbeiten entstehen aus einem <strong>intuitiven<\/strong>, oft <strong>tr\u00e4umerischen Prozess<\/strong> heraus \u2013 gespeist von inneren Bildern, Stimmungen und fl\u00fcchtigen Impulsen. Alexandras Malerei ist unmittelbar und von Spontaneit\u00e4t gepr\u00e4gt: Formen, Farben und Strukturen entwickeln sich im Dialog mit der Leinwand und l\u00f6sen sich nicht selten von der urspr\u00fcnglichen Vorstellung. So entfaltet sich jedes Werk als offener, lebendiger Prozess, in dem Kontrolle zugunsten von Gef\u00fchl und Wahrnehmung zur\u00fccktritt.<\/p>\n\n\n\n<p class=\"has-text-align-justify\">Bewegung, Rhythmus und ein feines Gesp\u00fcr f\u00fcr innere Zust\u00e4nde pr\u00e4gen ihre&nbsp;Bildsprache. Es entstehen atmosph\u00e4rische Kompositionen, die zwischen Abstraktion und Andeutung oszillieren und eine leise, poetische Tiefe entfalten \u2013 wie visuelle Momentaufnahmen eines inneren Erlebens.<\/p>\n\n\n\n<div style=\"height:20px\" aria-hidden=\"true\" class=\"wp-block-spacer\"><\/div>\n\n\n\n<p><strong>Opening Hours:<\/strong> tba<\/p>\n<\/div><figure class=\"wp-block-media-text__media\"><img decoding=\"async\" width=\"407\" height=\"1024\" data-src=\"https:\/\/mumagallery.com\/wp-content\/uploads\/2026\/04\/BildWeb-1-407x1024.jpg\" alt=\"\" class=\"wp-image-3759 size-full lazyload\" data-srcset=\"https:\/\/mumagallery.com\/wp-content\/uploads\/2026\/04\/BildWeb-1-407x1024.jpg 407w, https:\/\/mumagallery.com\/wp-content\/uploads\/2026\/04\/BildWeb-1-119x300.jpg 119w, https:\/\/mumagallery.com\/wp-content\/uploads\/2026\/04\/BildWeb-1-100x252.jpg 100w, https:\/\/mumagallery.com\/wp-content\/uploads\/2026\/04\/BildWeb-1-5x12.jpg 5w, https:\/\/mumagallery.com\/wp-content\/uploads\/2026\/04\/BildWeb-1-360x906.jpg 360w, https:\/\/mumagallery.com\/wp-content\/uploads\/2026\/04\/BildWeb-1-250x630.jpg 250w, https:\/\/mumagallery.com\/wp-content\/uploads\/2026\/04\/BildWeb-1.jpg 500w\" data-sizes=\"(max-width: 407px) 100vw, 407px\" src=\"data:image\/svg+xml;base64,PHN2ZyB3aWR0aD0iMSIgaGVpZ2h0PSIxIiB4bWxucz0iaHR0cDovL3d3dy53My5vcmcvMjAwMC9zdmciPjwvc3ZnPg==\" style=\"--smush-placeholder-width: 407px; --smush-placeholder-aspect-ratio: 407\/1024;\" \/><\/figure><\/div>\n\n\n\n<div style=\"height:20px\" aria-hidden=\"true\" class=\"wp-block-spacer\"><\/div>\n\n\n<style>.wp-block-kadence-spacer.kt-block-spacer-3751_967466-7b .kt-block-spacer{height:60px;}.wp-block-kadence-spacer.kt-block-spacer-3751_967466-7b .kt-divider{border-top-width:1px;height:1px;border-top-color:#eee;width:100%;border-top-style:solid;}<\/style>\n<div class=\"wp-block-kadence-spacer aligncenter kt-block-spacer-3751_967466-7b\"><div class=\"kt-block-spacer kt-block-spacer-halign-center\"><hr class=\"kt-divider\"\/><\/div><\/div>\n\n\n\n<div class=\"wp-block-media-text alignwide has-media-on-the-right is-stacked-on-mobile is-vertically-aligned-center\" style=\"grid-template-columns:auto 30%\"><div class=\"wp-block-media-text__content\">\n<h4 class=\"wp-block-heading\"><strong>Juliane Sommer<\/strong> &#8211; <strong><em>&#8222;Was sichtbar bleibt&#8220;<\/em><\/strong><\/h4>\n\n\n\n<p class=\"has-text-align-justify\"><strong>09.07. &#8211; 14.07. <\/strong>&#8211; Vernissage am 09.07. ab 19:00 Uhr<\/p>\n\n\n\n<div style=\"height:20px\" aria-hidden=\"true\" class=\"wp-block-spacer\"><\/div>\n\n\n\n<p class=\"has-text-align-justify\">Juliane studierte Textildesign an der Fachhochschule f\u00fcr Gestaltung Hamburg und wurde f\u00fcr ihre Arbeit mehrfach ausgezeichnet. Von 2012 bis 2025 war sie Lehrbeauftragte f\u00fcr computergest\u00fctztes experimentelles Textildesign an der Hochschule f\u00fcr Angewandte Wissenschaften Hamburg. Sie ist Mitglied im BBK und der GEDOK Hamburg.<\/p>\n\n\n\n<p class=\"has-text-align-justify\">Ihre Arbeiten entstehen im Spannungsfeld von <strong>Intuition und Komposition<\/strong>: Pflanzliche Fragmente verdichten sich zu vielschichtigen Strukturen, \u00fcberlagert von transparenten Lasuren, die Tiefe und Durchblicke in tiefere Schichten gew\u00e4hren. Farbfl\u00e4chen und Linien l\u00f6sen sich auf, das Material wird zum Bedeutungstr\u00e4ger. <\/p>\n\n\n\n<p class=\"has-text-align-justify\">Im Fokus steht die Ambivalenz von St\u00e4rke und Fragilit\u00e4t der Natur sowie das Spiel zwischen Gegenst\u00e4ndlichkeit und Abstraktion. Textile Urspr\u00fcnge bleiben dabei stets sp\u00fcrbar und treten in einen lebendigen Dialog mit der Malerei.<\/p>\n\n\n\n<div style=\"height:20px\" aria-hidden=\"true\" class=\"wp-block-spacer\"><\/div>\n\n\n\n<p><strong>Opening Hours:<\/strong> tba<\/p>\n<\/div><figure class=\"wp-block-media-text__media\"><img decoding=\"async\" width=\"409\" height=\"1024\" data-src=\"https:\/\/mumagallery.com\/wp-content\/uploads\/2026\/04\/BilderWeb2-409x1024.jpg\" alt=\"\" class=\"wp-image-3760 size-full lazyload\" data-srcset=\"https:\/\/mumagallery.com\/wp-content\/uploads\/2026\/04\/BilderWeb2-409x1024.jpg 409w, https:\/\/mumagallery.com\/wp-content\/uploads\/2026\/04\/BilderWeb2-120x300.jpg 120w, https:\/\/mumagallery.com\/wp-content\/uploads\/2026\/04\/BilderWeb2-100x250.jpg 100w, https:\/\/mumagallery.com\/wp-content\/uploads\/2026\/04\/BilderWeb2-5x12.jpg 5w, https:\/\/mumagallery.com\/wp-content\/uploads\/2026\/04\/BilderWeb2-360x901.jpg 360w, https:\/\/mumagallery.com\/wp-content\/uploads\/2026\/04\/BilderWeb2-250x626.jpg 250w, https:\/\/mumagallery.com\/wp-content\/uploads\/2026\/04\/BilderWeb2.jpg 500w\" data-sizes=\"(max-width: 409px) 100vw, 409px\" src=\"data:image\/svg+xml;base64,PHN2ZyB3aWR0aD0iMSIgaGVpZ2h0PSIxIiB4bWxucz0iaHR0cDovL3d3dy53My5vcmcvMjAwMC9zdmciPjwvc3ZnPg==\" style=\"--smush-placeholder-width: 409px; --smush-placeholder-aspect-ratio: 409\/1024;\" \/><\/figure><\/div>\n\n\n\n<div style=\"height:20px\" aria-hidden=\"true\" class=\"wp-block-spacer\"><\/div>\n\n\n<style>.wp-block-kadence-spacer.kt-block-spacer-3751_1d13ad-84 .kt-block-spacer{height:60px;}.wp-block-kadence-spacer.kt-block-spacer-3751_1d13ad-84 .kt-divider{border-top-width:1px;height:1px;border-top-color:#eee;width:100%;border-top-style:solid;}<\/style>\n<div class=\"wp-block-kadence-spacer aligncenter kt-block-spacer-3751_1d13ad-84\"><div class=\"kt-block-spacer kt-block-spacer-halign-center\"><hr class=\"kt-divider\"\/><\/div><\/div>\n\n\n\n<div class=\"wp-block-media-text alignwide has-media-on-the-right is-stacked-on-mobile is-vertically-aligned-center\" style=\"grid-template-columns:auto 30%\"><div class=\"wp-block-media-text__content\">\n<h4 class=\"wp-block-heading\"><strong>Ingo Pohlmann<\/strong> &#8211; <strong><em>&#8222;Beweggr\u00fcnde&#8220;<\/em><\/strong><\/h4>\n\n\n\n<p class=\"has-text-align-justify\"><strong>17.07. &#8211; 21.07. <\/strong>&#8211; Vernissage am 17.07. ab 20:00 Uhr<\/p>\n\n\n\n<div style=\"height:20px\" aria-hidden=\"true\" class=\"wp-block-spacer\"><\/div>\n\n\n\n<p class=\"has-text-align-justify\">Am 17.07. wird die MUMA Gallery in Hamburg-Eppendorf zu einem Ort, an dem Musik und Malerei aufeinandertreffen.<\/p>\n\n\n\n<p class=\"has-text-align-justify\">Der Musiker Ingo Pohlmann l\u00e4dt von\u00a017:30 bis 19:30 Uhr\u00a0zu einer <strong>exklusiven Pre-Listening Session<\/strong>\u00a0seines neuen Albums\u00a0\u201eBeweggr\u00fcnde\u201c\u00a0ein. Noch bevor die neue Platte\u00a0offiziell erscheint, gibt er in intimer Atmosph\u00e4re Einblicke in seine neuesten Songs. Tickets f\u00fcr dieses besondere H\u00f6rerlebnis sind <a href=\"https:\/\/shop-merchroadie.de\/collections\/pohlmann\/products\/ticket-exklusive-pre-listening-session-vernissage\" target=\"_blank\" rel=\"noreferrer noopener\">HERE<\/a> ab sofort erh\u00e4ltlich.<\/p>\n\n\n\n<p class=\"has-text-align-justify\">Ab 20:00 Uhr \u00f6ffnet sich die Galerie dann der \u00d6ffentlichkeit&nbsp;f\u00fcr eine weitere Facette seines Schaffens: die <strong>Vernissage seiner aktuellen Acrylarbeiten<\/strong>.<\/p>\n\n\n\n<p class=\"has-text-align-justify\">Pohlmanns Malerei ist gepr\u00e4gt von einer unmittelbaren&nbsp;und sehr intuitiven Herangehensweise. Seine Bilder entstehen aus dem Moment heraus \u2013 impulsiv, wild&nbsp;und zugleich poetisch. Kr\u00e4ftige Farben treffen auf gestische Linien, Muster&nbsp;\u00fcberlagern sich und erzeugen eine abstrakt-emotionale Bildsprache. Neben seiner musikalischen Karriere, begleitet ihn die Malerei schon seit langer Zeit und wir freuen uns sehr, seine Werke das erste Mal in einer Galerieausstellung pr\u00e4sentieren zu d\u00fcrfen.<\/p>\n\n\n\n<p class=\"has-text-align-justify\">Ein spannender Abend, der zwei k\u00fcnstlerische&nbsp;Welten eines K\u00fcnstlers miteinander verbindet.<\/p>\n\n\n\n<div style=\"height:20px\" aria-hidden=\"true\" class=\"wp-block-spacer\"><\/div>\n\n\n\n<p><strong>Opening Hours:<\/strong> tba<\/p>\n<\/div><figure class=\"wp-block-media-text__media\"><img decoding=\"async\" width=\"380\" height=\"1024\" data-src=\"https:\/\/mumagallery.com\/wp-content\/uploads\/2026\/04\/BilderWeb42-380x1024.jpg\" alt=\"Ingo Pohlmann Ausstellung MUMA Gallery\" class=\"wp-image-3775 size-full lazyload\" data-srcset=\"https:\/\/mumagallery.com\/wp-content\/uploads\/2026\/04\/BilderWeb42-380x1024.jpg 380w, https:\/\/mumagallery.com\/wp-content\/uploads\/2026\/04\/BilderWeb42-111x300.jpg 111w, https:\/\/mumagallery.com\/wp-content\/uploads\/2026\/04\/BilderWeb42-100x269.jpg 100w, https:\/\/mumagallery.com\/wp-content\/uploads\/2026\/04\/BilderWeb42-4x12.jpg 4w, https:\/\/mumagallery.com\/wp-content\/uploads\/2026\/04\/BilderWeb42-360x970.jpg 360w, https:\/\/mumagallery.com\/wp-content\/uploads\/2026\/04\/BilderWeb42-250x674.jpg 250w, https:\/\/mumagallery.com\/wp-content\/uploads\/2026\/04\/BilderWeb42.jpg 500w\" data-sizes=\"(max-width: 380px) 100vw, 380px\" src=\"data:image\/svg+xml;base64,PHN2ZyB3aWR0aD0iMSIgaGVpZ2h0PSIxIiB4bWxucz0iaHR0cDovL3d3dy53My5vcmcvMjAwMC9zdmciPjwvc3ZnPg==\" style=\"--smush-placeholder-width: 380px; --smush-placeholder-aspect-ratio: 380\/1024;\" \/><\/figure><\/div>\n\n\n\n<div style=\"height:20px\" aria-hidden=\"true\" class=\"wp-block-spacer\"><\/div>\n\n\n<style>.wp-block-kadence-spacer.kt-block-spacer-3751_e2ec49-91 .kt-block-spacer{height:60px;}.wp-block-kadence-spacer.kt-block-spacer-3751_e2ec49-91 .kt-divider{border-top-width:1px;height:1px;border-top-color:#eee;width:100%;border-top-style:solid;}<\/style>\n<div class=\"wp-block-kadence-spacer aligncenter kt-block-spacer-3751_e2ec49-91\"><div class=\"kt-block-spacer kt-block-spacer-halign-center\"><hr class=\"kt-divider\"\/><\/div><\/div>\n\n\n\n<div class=\"wp-block-media-text alignwide has-media-on-the-right is-stacked-on-mobile is-vertically-aligned-center\" style=\"grid-template-columns:auto 30%\"><div class=\"wp-block-media-text__content\">\n<h4 class=\"wp-block-heading\"><strong>Sibylle Kaspary<\/strong> &#8211; <strong><em>&#8222;Space Days&#8220;<\/em><\/strong><\/h4>\n\n\n\n<p class=\"has-text-align-justify\"><strong>23.07. &#8211; 28.07. <\/strong>&#8211; Vernissage am 23.07. ab 19:00 Uhr<\/p>\n\n\n\n<div style=\"height:20px\" aria-hidden=\"true\" class=\"wp-block-spacer\"><\/div>\n\n\n\n<p class=\"has-text-align-justify\">Schon in fr\u00fcher Kindheit entdeckte Sibylle&nbsp;ihre Leidenschaft f\u00fcr die Malerei. Sie&nbsp;studierte Kunstwissenschaften mit Schwerpunkt Malerei an der Goethe-Universit\u00e4t Frankfurt und begann nach ihrem Abschluss als Magister Artium, ihre Arbeiten auszustellen.<\/p>\n\n\n\n<p class=\"has-text-align-justify\">Im Zentrum ihres k\u00fcnstlerischen Schaffens stehen seit jeher die gro\u00dfen Fragen des Lebens. Mit ihrer in den letzten Jahren entwickelten Werkreihe&nbsp;fand sie zu einer eigenst\u00e4ndigen Bildsprache, die <strong>organische Verspieltheit<\/strong> mit <strong>klarer Geometrie<\/strong> verbindet. Leuchtende Acrylfarbverl\u00e4ufe bilden die B\u00fchne f\u00fcr Ovale, Dreiecke und geschwungene Linien, die zugleich frei und bestimmt im Bildraum verankert sind. Ihre Arbeiten verstehen sich als Sinnbilder des Menschen im Gef\u00fcge eines gr\u00f6\u00dferen Ganzen \u2013 eingebettet in die Rhythmen von Natur und Kosmos.<\/p>\n\n\n\n<p class=\"has-text-align-justify\">Als Reaktion auf die zunehmende Technisierung der Welt w\u00e4chst ihr k\u00fcnstlerisches Bed\u00fcrfnis, diese universelle, alles verbindende Kraft sichtbar zu machen. Die \u201egef\u00fchlten\u201c und lebendig wirkenden Formen ihrer Werke verweisen auf die tiefe Verbundenheit allen Seins. Aktuell arbeitet sie an der Serie \u201eGoldene Zeiten\u201c, in der sie Schlagmetall in Gold-, Silber- und Kupfert\u00f6nen in ihre Bildwelten integriert. <\/p>\n\n\n\n<div style=\"height:20px\" aria-hidden=\"true\" class=\"wp-block-spacer\"><\/div>\n\n\n\n<p>\u00d6ffnungszeiten: tba<\/p>\n<\/div><figure class=\"wp-block-media-text__media\"><img decoding=\"async\" width=\"494\" height=\"1024\" data-src=\"https:\/\/mumagallery.com\/wp-content\/uploads\/2026\/04\/BilderWeb3-494x1024.jpg\" alt=\"\" class=\"wp-image-3761 size-full lazyload\" data-srcset=\"https:\/\/mumagallery.com\/wp-content\/uploads\/2026\/04\/BilderWeb3-494x1024.jpg 494w, https:\/\/mumagallery.com\/wp-content\/uploads\/2026\/04\/BilderWeb3-145x300.jpg 145w, https:\/\/mumagallery.com\/wp-content\/uploads\/2026\/04\/BilderWeb3-100x207.jpg 100w, https:\/\/mumagallery.com\/wp-content\/uploads\/2026\/04\/BilderWeb3-6x12.jpg 6w, https:\/\/mumagallery.com\/wp-content\/uploads\/2026\/04\/BilderWeb3-360x746.jpg 360w, https:\/\/mumagallery.com\/wp-content\/uploads\/2026\/04\/BilderWeb3-250x518.jpg 250w, https:\/\/mumagallery.com\/wp-content\/uploads\/2026\/04\/BilderWeb3.jpg 500w\" data-sizes=\"(max-width: 494px) 100vw, 494px\" src=\"data:image\/svg+xml;base64,PHN2ZyB3aWR0aD0iMSIgaGVpZ2h0PSIxIiB4bWxucz0iaHR0cDovL3d3dy53My5vcmcvMjAwMC9zdmciPjwvc3ZnPg==\" style=\"--smush-placeholder-width: 494px; --smush-placeholder-aspect-ratio: 494\/1024;\" \/><\/figure><\/div>\n\n\n\n<div style=\"height:20px\" aria-hidden=\"true\" class=\"wp-block-spacer\"><\/div>\n\n\n<style>.wp-block-kadence-spacer.kt-block-spacer-3751_b265b3-03 .kt-block-spacer{height:60px;}.wp-block-kadence-spacer.kt-block-spacer-3751_b265b3-03 .kt-divider{border-top-width:1px;height:1px;border-top-color:#eee;width:100%;border-top-style:solid;}<\/style>\n<div class=\"wp-block-kadence-spacer aligncenter kt-block-spacer-3751_b265b3-03\"><div class=\"kt-block-spacer kt-block-spacer-halign-center\"><hr class=\"kt-divider\"\/><\/div><\/div>\n\n\n\n<div class=\"wp-block-media-text alignwide has-media-on-the-right is-stacked-on-mobile is-vertically-aligned-center\" style=\"grid-template-columns:auto 30%\"><div class=\"wp-block-media-text__content\">\n<h4 class=\"wp-block-heading\"><strong>Ana Tete &#8211;<\/strong> <strong><em>&#8222;LAMINAE&#8220;<\/em><\/strong><\/h4>\n\n\n\n<p class=\"has-text-align-justify\"><strong>30.07. &#8211; 04.08. <\/strong>&#8211; Vernissage am 30.07. ab 19:00 Uhr<\/p>\n\n\n\n<div style=\"height:20px\" aria-hidden=\"true\" class=\"wp-block-spacer\"><\/div>\n\n\n\n<p class=\"has-text-align-justify\">Anas&nbsp;gr\u00f6\u00dfte Inspiration waren schon immer Menschen.&nbsp;Sie&nbsp;zu zeichnen und die Texturen von Haut und Haar einzufangen, empfindet sie als eine Art \u00dcbersetzung ihres Wesens in eine visuelle <strong>Sprache aus Formen und Licht<\/strong>. Ihr beruflicher Weg verlief dabei unkonventionell: Nach sechs Jahren im Corporate Marketing und f\u00fcnf Jahren in der Buchillustration begann sie schlie\u00dflich ihren eigenen k\u00fcnstlerischen Weg.<\/p>\n\n\n\n<p class=\"has-text-align-justify\">In ihrer Arbeit sucht sie bewusst nach Ruhe und Stille \u2013 als Gegenpol zu einer Welt, die sich immer schneller dreht und unaufh\u00f6rlich um Aufmerksamkeit ringt. Zwischen Scrollen, Wischen und st\u00e4ndigen Reizen entsteht ein wachsendes Bed\u00fcrfnis nach Momenten des Innehaltens. Diese Stille macht sie in ihrer Kunst sichtbar: eine leise Pr\u00e4senz, die zur Reflexion einl\u00e4dt und dazu, sich selbst und den eigenen Umgang mit Zeit bewusster wahrzunehmen.<\/p>\n\n\n\n<p class=\"has-text-align-justify\">Ihre Kunst dr\u00e4ngt sich nicht auf. Sie ist zur\u00fcckhaltend. Doch wer sich auf sie einl\u00e4sst, wird den Blick kaum abwenden wollen.&nbsp;So geht es im Kern in ihrer Kunst um die betrachtende Person. Denn ohne sie k\u00f6nnen ihre Werke&nbsp;nicht existieren.<\/p>\n\n\n\n<div style=\"height:20px\" aria-hidden=\"true\" class=\"wp-block-spacer\"><\/div>\n\n\n\n<p><strong>Opening Hours:<\/strong> tba<\/p>\n<\/div><figure class=\"wp-block-media-text__media\"><img decoding=\"async\" width=\"407\" height=\"1024\" data-src=\"https:\/\/mumagallery.com\/wp-content\/uploads\/2026\/04\/Bilds-407x1024.jpg\" alt=\"\" class=\"wp-image-3778 size-full lazyload\" data-srcset=\"https:\/\/mumagallery.com\/wp-content\/uploads\/2026\/04\/Bilds-407x1024.jpg 407w, https:\/\/mumagallery.com\/wp-content\/uploads\/2026\/04\/Bilds-119x300.jpg 119w, https:\/\/mumagallery.com\/wp-content\/uploads\/2026\/04\/Bilds-100x252.jpg 100w, https:\/\/mumagallery.com\/wp-content\/uploads\/2026\/04\/Bilds-5x12.jpg 5w, https:\/\/mumagallery.com\/wp-content\/uploads\/2026\/04\/Bilds-360x906.jpg 360w, https:\/\/mumagallery.com\/wp-content\/uploads\/2026\/04\/Bilds-250x629.jpg 250w, https:\/\/mumagallery.com\/wp-content\/uploads\/2026\/04\/Bilds.jpg 500w\" data-sizes=\"(max-width: 407px) 100vw, 407px\" src=\"data:image\/svg+xml;base64,PHN2ZyB3aWR0aD0iMSIgaGVpZ2h0PSIxIiB4bWxucz0iaHR0cDovL3d3dy53My5vcmcvMjAwMC9zdmciPjwvc3ZnPg==\" style=\"--smush-placeholder-width: 407px; --smush-placeholder-aspect-ratio: 407\/1024;\" \/><\/figure><\/div>\n\n\n\n<div style=\"height:20px\" aria-hidden=\"true\" class=\"wp-block-spacer\"><\/div>\n\n\n<style>.wp-block-kadence-spacer.kt-block-spacer-3751_b627a1-f5 .kt-block-spacer{height:60px;}.wp-block-kadence-spacer.kt-block-spacer-3751_b627a1-f5 .kt-divider{border-top-width:1px;height:1px;border-top-color:#eee;width:100%;border-top-style:solid;}<\/style>\n<div class=\"wp-block-kadence-spacer aligncenter kt-block-spacer-3751_b627a1-f5\"><div class=\"kt-block-spacer kt-block-spacer-halign-center\"><hr class=\"kt-divider\"\/><\/div><\/div>\n\n\n\n<div class=\"wp-block-media-text alignwide has-media-on-the-right is-stacked-on-mobile is-vertically-aligned-center\" style=\"grid-template-columns:auto 30%\"><div class=\"wp-block-media-text__content\">\n<h4 class=\"wp-block-heading\"><strong>Fritzi Ehlert &#8211;<\/strong> <em>&#8222;Zwischen Ruhe und Weitblick&#8220; <\/em><\/h4>\n\n\n\n<p class=\"has-text-align-justify\"><strong>06.08. &#8211; 11.08. <\/strong>&#8211; Vernissage am 06.08. ab 19:00 Uhr<\/p>\n\n\n\n<div style=\"height:20px\" aria-hidden=\"true\" class=\"wp-block-spacer\"><\/div>\n\n\n\n<p class=\"has-text-align-justify\">Inspiriert von der transformativen Kraft des Wassers sowie von der Weite offener Horizonte entstehen in Fritzis&nbsp;Arbeiten Meereslandschaften, die sich zwischen <strong>Abstraktion und Realismus<\/strong> bewegen. Ihre Kunst transportiert Leichtigkeit und besch\u00e4ftigt sich mit Orten, die f\u00fcr sie Entspannung und dadurch neue Perspektiven bieten.&nbsp;<br><\/p>\n\n\n\n<p class=\"has-text-align-justify\">In ihren vielschichtigen Acrylgem\u00e4lden setzt sie sich intensiv mit der beruhigenden und zugleich kraftvollen Ausstrahlung von Wasser und Horizonten auseinander. Durch flie\u00dfende, organische Formen entstehen Kompositionen, die sowohl Ruhe als auch Dynamik vermitteln. Dabei dient das Wasser nicht nur als visuelles Motiv, sondern auch als inhaltliche Inspirationsquelle, die Ver\u00e4nderung, Tiefe und Kontinuit\u00e4t symbolisiert.<br><\/p>\n\n\n\n<div style=\"height:20px\" aria-hidden=\"true\" class=\"wp-block-spacer\"><\/div>\n\n\n\n<p><strong>Opening Hours:<\/strong> tba<\/p>\n<\/div><figure class=\"wp-block-media-text__media\"><img decoding=\"async\" width=\"494\" height=\"1024\" data-src=\"https:\/\/mumagallery.com\/wp-content\/uploads\/2026\/04\/web-494x1024.jpg\" alt=\"\" class=\"wp-image-3765 size-full lazyload\" data-srcset=\"https:\/\/mumagallery.com\/wp-content\/uploads\/2026\/04\/web-494x1024.jpg 494w, https:\/\/mumagallery.com\/wp-content\/uploads\/2026\/04\/web-145x300.jpg 145w, https:\/\/mumagallery.com\/wp-content\/uploads\/2026\/04\/web-100x207.jpg 100w, https:\/\/mumagallery.com\/wp-content\/uploads\/2026\/04\/web-6x12.jpg 6w, https:\/\/mumagallery.com\/wp-content\/uploads\/2026\/04\/web-360x747.jpg 360w, https:\/\/mumagallery.com\/wp-content\/uploads\/2026\/04\/web-250x519.jpg 250w, https:\/\/mumagallery.com\/wp-content\/uploads\/2026\/04\/web.jpg 500w\" data-sizes=\"(max-width: 494px) 100vw, 494px\" src=\"data:image\/svg+xml;base64,PHN2ZyB3aWR0aD0iMSIgaGVpZ2h0PSIxIiB4bWxucz0iaHR0cDovL3d3dy53My5vcmcvMjAwMC9zdmciPjwvc3ZnPg==\" style=\"--smush-placeholder-width: 494px; --smush-placeholder-aspect-ratio: 494\/1024;\" \/><\/figure><\/div>\n\n\n\n<div style=\"height:20px\" aria-hidden=\"true\" class=\"wp-block-spacer\"><\/div>\n\n\n<style>.wp-block-kadence-spacer.kt-block-spacer-3751_345094-36 .kt-block-spacer{height:60px;}.wp-block-kadence-spacer.kt-block-spacer-3751_345094-36 .kt-divider{border-top-width:1px;height:1px;border-top-color:#eee;width:100%;border-top-style:solid;}<\/style>\n<div class=\"wp-block-kadence-spacer aligncenter kt-block-spacer-3751_345094-36\"><div class=\"kt-block-spacer kt-block-spacer-halign-center\"><hr class=\"kt-divider\"\/><\/div><\/div>\n\n\n\n<div style=\"height:30px\" aria-hidden=\"true\" class=\"wp-block-spacer\"><\/div>\n\n\n<div class=\"wp-block-image caption-align-center\">\n<figure class=\"aligncenter size-thumbnail is-resized\"><img decoding=\"async\" width=\"150\" height=\"150\" data-src=\"https:\/\/mumagallery.com\/wp-content\/uploads\/2023\/09\/Muma-Logo-small-150x150.jpg\" alt=\"Muma Gallery Hamburg Galerie Ausstellung Kunst Malerei Fotografie 4\" class=\"wp-image-1686 lazyload\" style=\"--smush-placeholder-width: 150px; --smush-placeholder-aspect-ratio: 150\/150;width:100px\" data-srcset=\"https:\/\/mumagallery.com\/wp-content\/uploads\/2023\/09\/Muma-Logo-small-150x150.jpg 150w, https:\/\/mumagallery.com\/wp-content\/uploads\/2023\/09\/Muma-Logo-small-12x12.jpg 12w, https:\/\/mumagallery.com\/wp-content\/uploads\/2023\/09\/Muma-Logo-small-100x100.jpg 100w, https:\/\/mumagallery.com\/wp-content\/uploads\/2023\/09\/Muma-Logo-small.jpg 200w\" data-sizes=\"(max-width: 150px) 100vw, 150px\" src=\"data:image\/svg+xml;base64,PHN2ZyB3aWR0aD0iMSIgaGVpZ2h0PSIxIiB4bWxucz0iaHR0cDovL3d3dy53My5vcmcvMjAwMC9zdmciPjwvc3ZnPg==\" \/><\/figure>\n<\/div>\n\n\n<div style=\"height:29px\" aria-hidden=\"true\" class=\"wp-block-spacer\"><\/div>\n\n\n\n<p class=\"has-text-align-center\"><strong>Muma Gallery<\/strong> <\/p>\n\n\n\n<p class=\"has-text-align-center\">Eppendorfer Weg 235 | 20251 Hamburg<\/p>\n\n\n\n<p class=\"has-text-align-center\">fon: +49 (0)40 49 4499 55 | mail: info@mumagallery.com<\/p>\n\n\n\n<p class=\"has-text-align-center\"><strong>Opening Hours:<\/strong><\/p>\n\n\n\n<p class=\"has-text-align-center\">Thursday &amp; Friday 4 to 7 pm and on request<\/p>\n\n\n\n<div style=\"height:10px\" aria-hidden=\"true\" class=\"wp-block-spacer\"><\/div>\n\n\n<style>.wp-block-kadence-advancedbtn.kb-btns3751_d30c4e-a3{gap:var(--global-kb-gap-xs, 0.5rem );justify-content:center;align-items:center;}.kt-btns3751_d30c4e-a3 .kt-button{font-weight:normal;font-style:normal;}<\/style>\n<div class=\"wp-block-kadence-advancedbtn kb-buttons-wrap kb-btns3751_d30c4e-a3\"><style>ul.menu .wp-block-kadence-advancedbtn .kb-btn3751_815a72-b2.kb-button{width:initial;}.wp-block-kadence-advancedbtn .kb-btn3751_815a72-b2.kb-button{color:#555555;border-top-color:#555555;border-top-style:solid;border-right-color:#555555;border-right-style:solid;border-bottom-color:#555555;border-bottom-style:solid;border-left-color:#555555;border-left-style:solid;}.wp-block-kadence-advancedbtn .kb-btn3751_815a72-b2.kb-button:hover, .wp-block-kadence-advancedbtn .kb-btn3751_815a72-b2.kb-button:focus{color:#ffffff;background:#a6bab7;border-top-color:#a6bab7;border-top-style:solid;border-right-color:#a6bab7;border-right-style:solid;border-bottom-color:#a6bab7;border-bottom-style:solid;border-left-color:#a6bab7;border-left-style:solid;}@media all and (max-width: 1024px){.wp-block-kadence-advancedbtn .kb-btn3751_815a72-b2.kb-button{border-top-color:#555555;border-top-style:solid;border-right-color:#555555;border-right-style:solid;border-bottom-color:#555555;border-bottom-style:solid;border-left-color:#555555;border-left-style:solid;}}@media all and (max-width: 1024px){.wp-block-kadence-advancedbtn .kb-btn3751_815a72-b2.kb-button:hover, .wp-block-kadence-advancedbtn .kb-btn3751_815a72-b2.kb-button:focus{border-top-color:#a6bab7;border-top-style:solid;border-right-color:#a6bab7;border-right-style:solid;border-bottom-color:#a6bab7;border-bottom-style:solid;border-left-color:#a6bab7;border-left-style:solid;}}@media all and (max-width: 767px){.wp-block-kadence-advancedbtn .kb-btn3751_815a72-b2.kb-button{border-top-color:#555555;border-top-style:solid;border-right-color:#555555;border-right-style:solid;border-bottom-color:#555555;border-bottom-style:solid;border-left-color:#555555;border-left-style:solid;}.wp-block-kadence-advancedbtn .kb-btn3751_815a72-b2.kb-button:hover, .wp-block-kadence-advancedbtn .kb-btn3751_815a72-b2.kb-button:focus{border-top-color:#a6bab7;border-top-style:solid;border-right-color:#a6bab7;border-right-style:solid;border-bottom-color:#a6bab7;border-bottom-style:solid;border-left-color:#a6bab7;border-left-style:solid;}}<\/style><a class=\"kb-button kt-button button kb-btn3751_815a72-b2 kt-btn-size-standard kt-btn-width-type-auto kb-btn-global-outline  kt-btn-has-text-true kt-btn-has-svg-false  wp-block-kadence-singlebtn\" href=\"https:\/\/mumagallery.com\/en\/contact\/\" target=\"_blank\" rel=\"noreferrer noopener\"><span class=\"kt-btn-inner-text\">CONTACT<\/span><\/a><\/div>\n\n\n\n<div style=\"height:25px\" aria-hidden=\"true\" class=\"wp-block-spacer\"><\/div>\n\n\n\n<h4 class=\"wp-block-heading has-text-align-center\"><a href=\"https:\/\/mumagallery.com\/en\/muma-gallery-artists\/\">ARTISTS<\/a><span style=\"background-color:#ffffff\" class=\"has-inline-background\">|<\/span><a href=\"https:\/\/mumagallery.com\/en\/ausstellungen\/\" class=\"ek-link\">EXHIBITS<\/a><span style=\"background-color:#ffffff\" class=\"has-inline-background\">|<\/span><a href=\"https:\/\/mumagallery.com\/en\/available-art\/\" class=\"ek-link\">SHOP<\/a><\/h4>","protected":false},"excerpt":{"rendered":"<p>\u201eEs gibt Maler, die die Sonne in einen gelben Fleck verwandeln. Es gibt aber andere, die dank ihrer Kunst und Intelligenz einen gelben Fleck in die Sonne verwandeln k\u00f6nnen.\u201c &#8211; Pablo Picasso Muma Gallery Eppendorfer Weg 235 | 20251 Hamburg [&hellip;]<\/p>\n","protected":false},"author":1,"featured_media":0,"parent":474,"menu_order":0,"comment_status":"closed","ping_status":"closed","template":"","meta":{"_editorskit_title_hidden":false,"_editorskit_reading_time":0,"_editorskit_is_block_options_detached":false,"_editorskit_block_options_position":"{}","footnotes":""},"class_list":["post-3751","page","type-page","status-publish","hentry","clearfix"],"yoast_head":"<!-- This site is optimized with the Yoast SEO plugin v27.2 - https:\/\/yoast.com\/product\/yoast-seo-wordpress\/ -->\n<title>Kunstsommer 26 - Muma Gallery<\/title>\n<meta name=\"description\" content=\"Vom 18. Juni bis zum 11. August verwandelt sich unsere Galerie jeden Donnerstagabend ab 19 Uhr in einen lebendigen Ort f\u00fcr Kunst, Begegnung und Austausch.\" \/>\n<meta name=\"robots\" content=\"index, follow, max-snippet:-1, max-image-preview:large, max-video-preview:-1\" \/>\n<link rel=\"canonical\" href=\"https:\/\/mumagallery.com\/en\/ausstellungen\/kunstsommer-26\/\" \/>\n<meta property=\"og:locale\" content=\"en_US\" \/>\n<meta property=\"og:type\" content=\"article\" \/>\n<meta property=\"og:title\" content=\"Kunstsommer 26 - Muma Gallery\" \/>\n<meta property=\"og:description\" content=\"Vom 18. Juni bis zum 11. August verwandelt sich unsere Galerie jeden Donnerstagabend ab 19 Uhr in einen lebendigen Ort f\u00fcr Kunst, Begegnung und Austausch.\" \/>\n<meta property=\"og:url\" content=\"https:\/\/mumagallery.com\/en\/ausstellungen\/kunstsommer-26\/\" \/>\n<meta property=\"og:site_name\" content=\"Muma Gallery\" \/>\n<meta property=\"article:modified_time\" content=\"2026-04-29T10:44:27+00:00\" \/>\n<meta property=\"og:image\" content=\"https:\/\/mumagallery.com\/wp-content\/uploads\/2026\/04\/FlyerWeb.jpg\" \/>\n\t<meta property=\"og:image:width\" content=\"994\" \/>\n\t<meta property=\"og:image:height\" content=\"1400\" \/>\n\t<meta property=\"og:image:type\" content=\"image\/jpeg\" \/>\n<meta name=\"twitter:card\" content=\"summary_large_image\" \/>\n<meta name=\"twitter:label1\" content=\"Est. reading time\" \/>\n\t<meta name=\"twitter:data1\" content=\"8 minutes\" \/>\n<script type=\"application\/ld+json\" class=\"yoast-schema-graph\">{\"@context\":\"https:\/\/schema.org\",\"@graph\":[{\"@type\":\"WebPage\",\"@id\":\"https:\/\/mumagallery.com\/ausstellungen\/kunstsommer-26\/\",\"url\":\"https:\/\/mumagallery.com\/ausstellungen\/kunstsommer-26\/\",\"name\":\"Kunstsommer 26 - Muma Gallery\",\"isPartOf\":{\"@id\":\"https:\/\/mumagallery.com\/#website\"},\"primaryImageOfPage\":{\"@id\":\"https:\/\/mumagallery.com\/ausstellungen\/kunstsommer-26\/#primaryimage\"},\"image\":{\"@id\":\"https:\/\/mumagallery.com\/ausstellungen\/kunstsommer-26\/#primaryimage\"},\"thumbnailUrl\":\"https:\/\/mumagallery.com\/wp-content\/uploads\/2026\/04\/FlyerWeb-727x1024.jpg\",\"datePublished\":\"2026-04-27T07:34:28+00:00\",\"dateModified\":\"2026-04-29T10:44:27+00:00\",\"description\":\"Vom 18. Juni bis zum 11. August verwandelt sich unsere Galerie jeden Donnerstagabend ab 19 Uhr in einen lebendigen Ort f\u00fcr Kunst, Begegnung und Austausch.\",\"breadcrumb\":{\"@id\":\"https:\/\/mumagallery.com\/ausstellungen\/kunstsommer-26\/#breadcrumb\"},\"inLanguage\":\"en-US\",\"potentialAction\":[{\"@type\":\"ReadAction\",\"target\":[\"https:\/\/mumagallery.com\/ausstellungen\/kunstsommer-26\/\"]}]},{\"@type\":\"ImageObject\",\"inLanguage\":\"en-US\",\"@id\":\"https:\/\/mumagallery.com\/ausstellungen\/kunstsommer-26\/#primaryimage\",\"url\":\"https:\/\/mumagallery.com\/wp-content\/uploads\/2026\/04\/FlyerWeb-727x1024.jpg\",\"contentUrl\":\"https:\/\/mumagallery.com\/wp-content\/uploads\/2026\/04\/FlyerWeb-727x1024.jpg\"},{\"@type\":\"BreadcrumbList\",\"@id\":\"https:\/\/mumagallery.com\/ausstellungen\/kunstsommer-26\/#breadcrumb\",\"itemListElement\":[{\"@type\":\"ListItem\",\"position\":1,\"name\":\"Home\",\"item\":\"https:\/\/mumagallery.com\/\"},{\"@type\":\"ListItem\",\"position\":2,\"name\":\"Ausstellungen\",\"item\":\"https:\/\/mumagallery.com\/ausstellungen\/\"},{\"@type\":\"ListItem\",\"position\":3,\"name\":\"Kunstsommer 26\"}]},{\"@type\":\"WebSite\",\"@id\":\"https:\/\/mumagallery.com\/#website\",\"url\":\"https:\/\/mumagallery.com\/\",\"name\":\"Muma Gallery\",\"description\":\"Just great art from Hamburg\",\"publisher\":{\"@id\":\"https:\/\/mumagallery.com\/#organization\"},\"potentialAction\":[{\"@type\":\"SearchAction\",\"target\":{\"@type\":\"EntryPoint\",\"urlTemplate\":\"https:\/\/mumagallery.com\/?s={search_term_string}\"},\"query-input\":{\"@type\":\"PropertyValueSpecification\",\"valueRequired\":true,\"valueName\":\"search_term_string\"}}],\"inLanguage\":\"en-US\"},{\"@type\":\"Organization\",\"@id\":\"https:\/\/mumagallery.com\/#organization\",\"name\":\"Muma Gallery\",\"url\":\"https:\/\/mumagallery.com\/\",\"logo\":{\"@type\":\"ImageObject\",\"inLanguage\":\"en-US\",\"@id\":\"https:\/\/mumagallery.com\/#\/schema\/logo\/image\/\",\"url\":\"https:\/\/mumagallery.com\/wp-content\/uploads\/2022\/11\/cropped-Logo2.png\",\"contentUrl\":\"https:\/\/mumagallery.com\/wp-content\/uploads\/2022\/11\/cropped-Logo2.png\",\"width\":200,\"height\":80,\"caption\":\"Muma Gallery\"},\"image\":{\"@id\":\"https:\/\/mumagallery.com\/#\/schema\/logo\/image\/\"}}]}<\/script>\n<!-- \/ Yoast SEO plugin. -->","yoast_head_json":{"title":"Kunstsommer 26 - Muma Gallery","description":"Vom 18. Juni bis zum 11. August verwandelt sich unsere Galerie jeden Donnerstagabend ab 19 Uhr in einen lebendigen Ort f\u00fcr Kunst, Begegnung und Austausch.","robots":{"index":"index","follow":"follow","max-snippet":"max-snippet:-1","max-image-preview":"max-image-preview:large","max-video-preview":"max-video-preview:-1"},"canonical":"https:\/\/mumagallery.com\/en\/ausstellungen\/kunstsommer-26\/","og_locale":"en_US","og_type":"article","og_title":"Kunstsommer 26 - Muma Gallery","og_description":"Vom 18. Juni bis zum 11. August verwandelt sich unsere Galerie jeden Donnerstagabend ab 19 Uhr in einen lebendigen Ort f\u00fcr Kunst, Begegnung und Austausch.","og_url":"https:\/\/mumagallery.com\/en\/ausstellungen\/kunstsommer-26\/","og_site_name":"Muma Gallery","article_modified_time":"2026-04-29T10:44:27+00:00","og_image":[{"width":994,"height":1400,"url":"https:\/\/mumagallery.com\/wp-content\/uploads\/2026\/04\/FlyerWeb.jpg","type":"image\/jpeg"}],"twitter_card":"summary_large_image","twitter_misc":{"Est. reading time":"8 minutes"},"schema":{"@context":"https:\/\/schema.org","@graph":[{"@type":"WebPage","@id":"https:\/\/mumagallery.com\/ausstellungen\/kunstsommer-26\/","url":"https:\/\/mumagallery.com\/ausstellungen\/kunstsommer-26\/","name":"Kunstsommer 26 - Muma Gallery","isPartOf":{"@id":"https:\/\/mumagallery.com\/#website"},"primaryImageOfPage":{"@id":"https:\/\/mumagallery.com\/ausstellungen\/kunstsommer-26\/#primaryimage"},"image":{"@id":"https:\/\/mumagallery.com\/ausstellungen\/kunstsommer-26\/#primaryimage"},"thumbnailUrl":"https:\/\/mumagallery.com\/wp-content\/uploads\/2026\/04\/FlyerWeb-727x1024.jpg","datePublished":"2026-04-27T07:34:28+00:00","dateModified":"2026-04-29T10:44:27+00:00","description":"Vom 18. Juni bis zum 11. August verwandelt sich unsere Galerie jeden Donnerstagabend ab 19 Uhr in einen lebendigen Ort f\u00fcr Kunst, Begegnung und Austausch.","breadcrumb":{"@id":"https:\/\/mumagallery.com\/ausstellungen\/kunstsommer-26\/#breadcrumb"},"inLanguage":"en-US","potentialAction":[{"@type":"ReadAction","target":["https:\/\/mumagallery.com\/ausstellungen\/kunstsommer-26\/"]}]},{"@type":"ImageObject","inLanguage":"en-US","@id":"https:\/\/mumagallery.com\/ausstellungen\/kunstsommer-26\/#primaryimage","url":"https:\/\/mumagallery.com\/wp-content\/uploads\/2026\/04\/FlyerWeb-727x1024.jpg","contentUrl":"https:\/\/mumagallery.com\/wp-content\/uploads\/2026\/04\/FlyerWeb-727x1024.jpg"},{"@type":"BreadcrumbList","@id":"https:\/\/mumagallery.com\/ausstellungen\/kunstsommer-26\/#breadcrumb","itemListElement":[{"@type":"ListItem","position":1,"name":"Home","item":"https:\/\/mumagallery.com\/"},{"@type":"ListItem","position":2,"name":"Ausstellungen","item":"https:\/\/mumagallery.com\/ausstellungen\/"},{"@type":"ListItem","position":3,"name":"Kunstsommer 26"}]},{"@type":"WebSite","@id":"https:\/\/mumagallery.com\/#website","url":"https:\/\/mumagallery.com\/","name":"Muma Gallery","description":"Just great art from Hamburg","publisher":{"@id":"https:\/\/mumagallery.com\/#organization"},"potentialAction":[{"@type":"SearchAction","target":{"@type":"EntryPoint","urlTemplate":"https:\/\/mumagallery.com\/?s={search_term_string}"},"query-input":{"@type":"PropertyValueSpecification","valueRequired":true,"valueName":"search_term_string"}}],"inLanguage":"en-US"},{"@type":"Organization","@id":"https:\/\/mumagallery.com\/#organization","name":"Muma Gallery","url":"https:\/\/mumagallery.com\/","logo":{"@type":"ImageObject","inLanguage":"en-US","@id":"https:\/\/mumagallery.com\/#\/schema\/logo\/image\/","url":"https:\/\/mumagallery.com\/wp-content\/uploads\/2022\/11\/cropped-Logo2.png","contentUrl":"https:\/\/mumagallery.com\/wp-content\/uploads\/2022\/11\/cropped-Logo2.png","width":200,"height":80,"caption":"Muma Gallery"},"image":{"@id":"https:\/\/mumagallery.com\/#\/schema\/logo\/image\/"}}]}},"_links":{"self":[{"href":"https:\/\/mumagallery.com\/en\/wp-json\/wp\/v2\/pages\/3751","targetHints":{"allow":["GET"]}}],"collection":[{"href":"https:\/\/mumagallery.com\/en\/wp-json\/wp\/v2\/pages"}],"about":[{"href":"https:\/\/mumagallery.com\/en\/wp-json\/wp\/v2\/types\/page"}],"author":[{"embeddable":true,"href":"https:\/\/mumagallery.com\/en\/wp-json\/wp\/v2\/users\/1"}],"replies":[{"embeddable":true,"href":"https:\/\/mumagallery.com\/en\/wp-json\/wp\/v2\/comments?post=3751"}],"version-history":[{"count":0,"href":"https:\/\/mumagallery.com\/en\/wp-json\/wp\/v2\/pages\/3751\/revisions"}],"up":[{"embeddable":true,"href":"https:\/\/mumagallery.com\/en\/wp-json\/wp\/v2\/pages\/474"}],"wp:attachment":[{"href":"https:\/\/mumagallery.com\/en\/wp-json\/wp\/v2\/media?parent=3751"}],"curies":[{"name":"wp","href":"https:\/\/api.w.org\/{rel}","templated":true}]}}